{"id":144,"date":"2023-04-11T17:53:01","date_gmt":"2023-04-11T22:53:01","guid":{"rendered":"https:\/\/ambbogota.esteri.it\/chi-siamo\/lambasciatore\/"},"modified":"2023-08-28T09:30:25","modified_gmt":"2023-08-28T14:30:25","slug":"lambasciatore","status":"publish","type":"page","link":"https:\/\/ambbogota.esteri.it\/es\/chi-siamo\/lambasciatore\/","title":{"rendered":"El Embajador"},"content":{"rendered":"<p style=\"text-align: justify;\"><strong>GIANCARLO MARIA CURCIO<\/strong><\/p>\n<p style=\"text-align: justify;\"><strong>EMBAJADOR DE ITALIA EN COLOMBIA<\/strong><\/p>\n<p style=\"text-align: justify;\">Nacido en Madrid (Espa\u00f1a) el 31 de enero de 1963, se grad\u00faa en Derecho en la Universidad de Roma en el a\u00f1o 1985. Despues del examen de admisi\u00f3n, el 15 de febrero de 1990 es nombrado Voluntario en la carrera diplom\u00e1tica.<\/p>\n<p style=\"text-align: justify;\">Luego de sus primeros cargos en la Direcci\u00f3n General de Asuntos Pol\u00edticos y en la Secretaria General del Ministerio, en el a\u00f1o 1993 es nombrado Vice C\u00f3nsul en Buenos Aires, donde es confirmado en el a\u00f1o 1995 como C\u00f3nsul.<\/p>\n<p style=\"text-align: justify;\">Desde 1998 se desempe\u00f1a como Primer Secretario en Caracas, donde es confirmado como Consejero en el a\u00f1o 2000.<\/p>\n<p style=\"text-align: justify;\">En el a\u00f1o 2001 regresa a Roma para asumir sus funciones como Jefe de la Secretaria de la Direcci\u00f3n General de Cooperaci\u00f3n Econ\u00f3mica y Financiera Multilateral.<\/p>\n<p style=\"text-align: justify;\">En el a\u00f1o 2006 es nombrado C\u00f3nsul General en Buenos Aires.<\/p>\n<p style=\"text-align: justify;\">En el a\u00f1o 2011 es nombrado Embajador de Italia en Panam\u00e1, concurrente, desde 2015, tambi\u00e9n en Basseterre, Puerto Pr\u00edncipe, Santo Domingo y Saint John\u2019s.<\/p>\n<p style=\"text-align: justify;\">En el a\u00f1o 2015 regresa a Roma para asumir servicio a las directas dependencias del Jefe de Servicio para los Asuntos Jur\u00eddicos, del Contencioso Diplom\u00e1ticos y de los Tratados.<\/p>\n<p style=\"text-align: justify;\">En el a\u00f1o 2018 es nombrado Embajador de Italia en Lima.<\/p>\n<p style=\"text-align: justify;\">En el a\u00f1o 2023 es nombrado Embajador de Italia en la Rep\u00fablica de Colombia, donde asume el cargo el 28 de agosto.<\/p>\n<p style=\"text-align: justify;\">Es condecorado con el t\u00edtulo de Caballero Oficial de la Orden del M\u00e9rito de la Rep\u00fablica italiana en el a\u00f1o 2006.<\/p>\n<p style=\"text-align: justify;\">Est\u00e1 casado y tiene dos hijos.<\/p>\n<p><img loading=\"lazy\" decoding=\"async\" class=\"alignnone size-medium wp-image-1083 img-fluid\" src=\"https:\/\/ambbogota.esteri.it\/wp-content\/uploads\/2023\/08\/AMBASCIATORE-GIANCARLO-MARIA-CURCIO-300x169.jpg\" alt=\"\" width=\"300\" height=\"169\" srcset=\"https:\/\/ambbogota.esteri.it\/wp-content\/uploads\/2023\/08\/AMBASCIATORE-GIANCARLO-MARIA-CURCIO-300x169.jpg 300w, https:\/\/ambbogota.esteri.it\/wp-content\/uploads\/2023\/08\/AMBASCIATORE-GIANCARLO-MARIA-CURCIO.jpg 640w\" sizes=\"auto, (max-width: 300px) 100vw, 300px\" \/><\/p>\n","protected":false},"excerpt":{"rendered":"GIANCARLO MARIA CURCIO EMBAJADOR DE ITALIA EN COLOMBIA Nacido en Madrid (Espa\u00f1a) el 31 de enero de 1963, se grad\u00faa en Derecho en la Universidad de Roma en el a\u00f1o 1985. Despues del examen de admisi\u00f3n, el 15 de febrero de 1990 es nombrado Voluntario en la carrera diplom\u00e1tica. Luego de sus primeros cargos en [&hellip;]","protected":false},"author":1,"featured_media":0,"parent":133,"menu_order":0,"comment_status":"closed","ping_status":"closed","template":"","meta":{"footnotes":""},"class_list":["post-144","page","type-page","status-publish","hentry"],"_links":{"self":[{"href":"https:\/\/ambbogota.esteri.it\/es\/wp-json\/wp\/v2\/pages\/144","targetHints":{"allow":["GET"]}}],"collection":[{"href":"https:\/\/ambbogota.esteri.it\/es\/wp-json\/wp\/v2\/pages"}],"about":[{"href":"https:\/\/ambbogota.esteri.it\/es\/wp-json\/wp\/v2\/types\/page"}],"author":[{"embeddable":true,"href":"https:\/\/ambbogota.esteri.it\/es\/wp-json\/wp\/v2\/users\/1"}],"replies":[{"embeddable":true,"href":"https:\/\/ambbogota.esteri.it\/es\/wp-json\/wp\/v2\/comments?post=144"}],"version-history":[{"count":4,"href":"https:\/\/ambbogota.esteri.it\/es\/wp-json\/wp\/v2\/pages\/144\/revisions"}],"predecessor-version":[{"id":1085,"href":"https:\/\/ambbogota.esteri.it\/es\/wp-json\/wp\/v2\/pages\/144\/revisions\/1085"}],"up":[{"embeddable":true,"href":"https:\/\/ambbogota.esteri.it\/es\/wp-json\/wp\/v2\/pages\/133"}],"wp:attachment":[{"href":"https:\/\/ambbogota.esteri.it\/es\/wp-json\/wp\/v2\/media?parent=144"}],"curies":[{"name":"wp","href":"https:\/\/api.w.org\/{rel}","templated":true}]}}