{"id":722,"date":"2023-08-10T15:17:54","date_gmt":"2023-08-10T20:17:54","guid":{"rendered":"https:\/\/ambbogota.esteri.it\/?page_id=722"},"modified":"2023-08-28T09:39:39","modified_gmt":"2023-08-28T14:39:39","slug":"mensaje-2","status":"publish","type":"page","link":"https:\/\/ambbogota.esteri.it\/es\/chi-siamo\/lambasciatore\/mensaje-2\/","title":{"rendered":"Mensaje"},"content":{"rendered":"<p style=\"text-align: justify;\">Al asumir la direcci\u00f3n de la Embajada de Italia en Bogot\u00e1, deseo extender mis m\u00e1s cordiales saludos a los connacionales residentes en el Pa\u00eds, a los Representantes de las Asociaciones y Miembros de los COMITES, a la comunidad de origen italiana aqu\u00ed presente y a todos aquellos que se reconocen en Italia, en su cultura y en sus valores. Italia y Colombia est\u00e1n unidos por consolidados lazos de amistad y cercan\u00eda, que hunden sus ra\u00edces en los tiempos pasados y gracias al aporte de nuestra comunidad aqu\u00ed residente, la relaci\u00f3n hist\u00f3rica entre nuestros pueblos est\u00e1 m\u00e1s viva que nunca.<\/p>\n<p style=\"text-align: justify;\">Desde ahora quiero se\u00f1alar que estoy a completa disposici\u00f3n de la comunidad, con la que pretendo mantener una relaci\u00f3n de estrecha y mutua colaboraci\u00f3n en aras del desarrollo de las relaciones entre ambos Pa\u00edses.<\/p>\n<p style=\"text-align: justify;\">Sobre estas premisas, me complace anunciar que a partir del pr\u00f3ximo 11 de septiembre, los servicios relativos a la expedici\u00f3n de pasaportes, documentos de estado civil (nacimiento, matrimonio, divorcio y defunci\u00f3n), ciudadan\u00eda por matrimonio y otros tr\u00e1mites consulares (solicitud de publicaciones de matrimonio, expedici\u00f3n de certificados, legalizaci\u00f3n de matrimonios, autenticaci\u00f3n de firmas, firmas de consentimiento, pr\u00f3rroga de la validez de la licencia de conducci\u00f3n italiana) se realizar\u00e1n dentro del mismo d\u00eda sin necesidad de cita previa y sin limitaciones de ning\u00fan tipo. Se asegurar\u00e1 la atenci\u00f3n en funci\u00f3n de la hora de llegada y teniendo en cuenta de las categor\u00edas protegidas (personas con discapacidad, familias con ni\u00f1os menores de dos a\u00f1os, mujeres embarazadas, personas mayores de 75 a\u00f1os) que tienen acceso prioritario.<\/p>\n<p style=\"text-align: justify;\">Se trata de una innovaci\u00f3n que pretende premiar a la comunidad italiana en Colombia ofreciendo un servicio consular de alto nivel y a la altura de las m\u00e1s altas expectativas.<\/p>\n<p style=\"text-align: justify;\">Es para m\u00ed un gran honor servir a Italia en Colombia en un momento en el cual este Pa\u00eds atraviesa una fase particularmente din\u00e1mica de desarrollo y fermento cultural. Junto con todos mis colaboradores y la red consular honoraria, no ahorraremos esfuerzos para alcanzar metas cada vez m\u00e1s ambiciosas en el inter\u00e9s de nuestras Naciones.<\/p>\n<p style=\"text-align: justify;\">Me corresponder\u00e1 apoyar el creciente inter\u00e9s que Italia dedica a Colombia, potenciando plenamente los fuertes v\u00ednculos que nuestra comunidad italiana aqu\u00ed presente mantiene con la Madre Patria, organizando la acci\u00f3n conjunta de todas las excelencias italianas interesadas en esta espl\u00e9ndida Naci\u00f3n.<\/p>\n<p style=\"text-align: justify;\">A nuestros connacionales, a sus padres y antepasados \u200b\u200bque con su trabajo han contribuido al crecimiento del Pa\u00eds, dirijo un pensamiento y un sentido agradecimiento e invito a todos los italianos, a los amigos colombianos y a todos aquellos que miran a Italia con simpat\u00eda a considerar a la Embajada como su propio hogar y trabajar juntos para fortalecer a\u00fan m\u00e1s la amistad entre nuestros dos Pa\u00edses.<\/p>\n","protected":false},"excerpt":{"rendered":"Al asumir la direcci\u00f3n de la Embajada de Italia en Bogot\u00e1, deseo extender mis m\u00e1s cordiales saludos a los connacionales residentes en el Pa\u00eds, a los Representantes de las Asociaciones y Miembros de los COMITES, a la comunidad de origen italiana aqu\u00ed presente y a todos aquellos que se reconocen en Italia, en su cultura [&hellip;]","protected":false},"author":5,"featured_media":0,"parent":144,"menu_order":0,"comment_status":"closed","ping_status":"closed","template":"","meta":{"footnotes":""},"class_list":["post-722","page","type-page","status-publish","hentry"],"_links":{"self":[{"href":"https:\/\/ambbogota.esteri.it\/es\/wp-json\/wp\/v2\/pages\/722","targetHints":{"allow":["GET"]}}],"collection":[{"href":"https:\/\/ambbogota.esteri.it\/es\/wp-json\/wp\/v2\/pages"}],"about":[{"href":"https:\/\/ambbogota.esteri.it\/es\/wp-json\/wp\/v2\/types\/page"}],"author":[{"embeddable":true,"href":"https:\/\/ambbogota.esteri.it\/es\/wp-json\/wp\/v2\/users\/5"}],"replies":[{"embeddable":true,"href":"https:\/\/ambbogota.esteri.it\/es\/wp-json\/wp\/v2\/comments?post=722"}],"version-history":[{"count":3,"href":"https:\/\/ambbogota.esteri.it\/es\/wp-json\/wp\/v2\/pages\/722\/revisions"}],"predecessor-version":[{"id":1090,"href":"https:\/\/ambbogota.esteri.it\/es\/wp-json\/wp\/v2\/pages\/722\/revisions\/1090"}],"up":[{"embeddable":true,"href":"https:\/\/ambbogota.esteri.it\/es\/wp-json\/wp\/v2\/pages\/144"}],"wp:attachment":[{"href":"https:\/\/ambbogota.esteri.it\/es\/wp-json\/wp\/v2\/media?parent=722"}],"curies":[{"name":"wp","href":"https:\/\/api.w.org\/{rel}","templated":true}]}}